{"id":48,"date":"2018-03-26T15:45:06","date_gmt":"2018-03-26T15:45:06","guid":{"rendered":"http:\/\/l\u00f6sungsr\u00e4umeimnorden.de\/?page_id=48"},"modified":"2024-08-06T13:49:27","modified_gmt":"2024-08-06T13:49:27","slug":"vita","status":"publish","type":"page","link":"https:\/\/xn--lsungsrumeimnorden-rtb76a.de\/index.php\/vita","title":{"rendered":"Vita"},"content":{"rendered":"<h4>Qualifikationen<\/h4>\n<ul>\n<li>Systemische Supervisorin (SG) und Coach<em>, <\/em><em>Norddeutsches Institut f\u00fcr Kurzzeittherapie (NIK), Bremen<\/em><\/li>\n<li>Mediatorin<em>, Soziale Praxis f\u00fcr Beratung, Schulung, Therapie (Sopra), Hannover, Ausbildung nach den Kriterien des Bundesverbandes Mediation (BM)<\/em><\/li>\n<li>Verfahrensbeistand (\u201eAnwalt des Kindes\u201c) in Kindschaftssachen<em>, Weinsberger Forum, Karlsruhe<\/em><\/li>\n<li>Dipl. Sozialp\u00e4dagogin\/-arbeiterin<\/li>\n<\/ul>\n<h4>T\u00e4tig seit 2010 in eigener Praxis als<\/h4>\n<ul>\n<li>Supervisorin von Teams, Gruppen und Einzelpersonen in Einrichtungen \u00f6ffentlicher, freier und privatgewerblicher Tr\u00e4ger<\/li>\n<li>Mediatorin<\/li>\n<li>Coach<\/li>\n<li>Verfahrensbeist\u00e4ndin (&#8220;Anw\u00e4ltin f\u00fcr Kinder&#8221;) f\u00fcr die Familiengerichte Norden, Aurich, Emden und Wittmund in Ostfriesland<\/li>\n<\/ul>\n<h4>Fortbildungen<\/h4>\n<ul>\n<li>Kindeswohl und Kinderschutz im Kontext von Partnerschaftsgewalt, <em>Frau Prof.in Angelika Henschel, FernUniversit\u00e4t in Hagen<\/em><\/li>\n<li>Die Therapie des Inneren Kindes, Konzepte und Methoden f\u00fcr Beratung &amp; Therapie, <em>Roland Kachler, (NIK) Bremen<\/em><\/li>\n<li>Vom Konstruieren und Erfahren sicherer Bindungen, <em>F. Schepper<\/em> &amp; <em>A. Wiechert, (NIK) Bremen<\/em><\/li>\n<li>L\u00f6sungsfokussierte Strukturaufstellungen und Einf\u00fchrung in die Tetralemma-Arbeit, <em>Matthias Varga von Kib\u00e9d, Norddeutsches Institut f\u00fcr systemische L\u00f6sungen (NISL), Bad Zwischenahn<\/em><\/li>\n<li>Systemaufstellungen im Supervisions- und Organisationskontext<em>, Norddeutsches Institut f\u00fcr Kurzzeittherapie (NIK), Bremen<\/em><\/li>\n<li>Jahrestagung 2015 Multifamilientherapie, Leinerstift Akademie<em>, Gro\u00dfefehn<\/em><\/li>\n<li>L\u00f6sungsorientierte Paarberatung<em>, Yvonne Dolan, Norddeutsches Institut f\u00fcr Kurzzeittherapie (NIK), Bremen<\/em><\/li>\n<li>Burnout- und Selfcareprophylaxe<em>, Norddeutsches Institut f\u00fcr Kurzzeittherapie (NIK), Bremen<\/em><\/li>\n<li>Konfliktkl\u00e4rung in Teams und Gruppen<em>, Monika Oboth, Business Mediation Center (BMC), K\u00f6nigswinter<\/em><\/li>\n<li>Mediation mit hochstrittigen Paaren (Rosenkriege)<em>, Heiner Krabbe, Mediationswerkstatt M\u00fcnster<\/em><\/li>\n<li>Mediation im Zwangskontex<em>t, Heiner Krabbe, Mediationswerkstatt M\u00fcnster<\/em><\/li>\n<li>Mobbing; Faires Miteinander im Betrieb<em>, Soziale Praxis f\u00fcr Beratung, Schulung, Therapie (Sopra), Hannover<\/em><\/li>\n<\/ul>\n<h4>Beruflicher Hintergrund<\/h4>\n<ul>\n<li>zwanzigj\u00e4hrige T\u00e4tigkeit im Sozialen Dienst eines Jugendamtes<\/li>\n<li>Teilnahme w\u00e4hrend dieser Zeit an vielf\u00e4ltigen Fortbildungen in p\u00e4dagogischen, psychosozialen und rechtlichen Kontexten<\/li>\n<li>Mitwirkung in einem dreij\u00e4hrigen Kooperationsprojekt der Fachhochschule Oldenburg Ostfriesland Wilhelmshaven und dem Landkreis Aurich zur \u201eOrganisations- und Personalentwicklung in den Sozialen Diensten\u201c<\/li>\n<\/ul>\n<h4>Mitglied<\/h4>\n<p>in der Systemischen Gesellschaft (SG) und im Bundesverband Mediation (BM)<\/p>\n","protected":false},"excerpt":{"rendered":"<p>Qualifikationen Systemische Supervisorin (SG) und Coach, Norddeutsches Institut f\u00fcr Kurzzeittherapie (NIK), Bremen Mediatorin, Soziale Praxis f\u00fcr Beratung, Schulung, Therapie (Sopra), Hannover, Ausbildung nach den Kriterien des Bundesverbandes Mediation (BM) Verfahrensbeistand (\u201eAnwalt des Kindes\u201c) in Kindschaftssachen, Weinsberger Forum, Karlsruhe Dipl. Sozialp\u00e4dagogin\/-arbeiterin<\/p>\n","protected":false},"author":1,"featured_media":0,"parent":0,"menu_order":0,"comment_status":"closed","ping_status":"closed","template":"","meta":{"footnotes":""},"class_list":["post-48","page","type-page","status-publish","hentry"],"_links":{"self":[{"href":"https:\/\/xn--lsungsrumeimnorden-rtb76a.de\/index.php\/wp-json\/wp\/v2\/pages\/48","targetHints":{"allow":["GET"]}}],"collection":[{"href":"https:\/\/xn--lsungsrumeimnorden-rtb76a.de\/index.php\/wp-json\/wp\/v2\/pages"}],"about":[{"href":"https:\/\/xn--lsungsrumeimnorden-rtb76a.de\/index.php\/wp-json\/wp\/v2\/types\/page"}],"author":[{"embeddable":true,"href":"https:\/\/xn--lsungsrumeimnorden-rtb76a.de\/index.php\/wp-json\/wp\/v2\/users\/1"}],"replies":[{"embeddable":true,"href":"https:\/\/xn--lsungsrumeimnorden-rtb76a.de\/index.php\/wp-json\/wp\/v2\/comments?post=48"}],"version-history":[{"count":58,"href":"https:\/\/xn--lsungsrumeimnorden-rtb76a.de\/index.php\/wp-json\/wp\/v2\/pages\/48\/revisions"}],"predecessor-version":[{"id":725,"href":"https:\/\/xn--lsungsrumeimnorden-rtb76a.de\/index.php\/wp-json\/wp\/v2\/pages\/48\/revisions\/725"}],"wp:attachment":[{"href":"https:\/\/xn--lsungsrumeimnorden-rtb76a.de\/index.php\/wp-json\/wp\/v2\/media?parent=48"}],"curies":[{"name":"wp","href":"https:\/\/api.w.org\/{rel}","templated":true}]}}